{"id":830,"date":"2014-07-02T17:05:13","date_gmt":"2014-07-02T17:05:13","guid":{"rendered":"http:\/\/wp.ffzg.unizg.hr\/centar-probni\/?page_id=830"},"modified":"2022-02-15T09:38:27","modified_gmt":"2022-02-15T07:38:27","slug":"ciric-jasna-prof","status":"publish","type":"page","link":"https:\/\/centar.ffzg.unizg.hr\/?page_id=830","title":{"rendered":"Jasna \u0106iri\u0107, vi\u0161i predava\u010d"},"content":{"rendered":"<p><img loading=\"lazy\" decoding=\"async\" class=\"alignnone wp-image-1150 size-full\" src=\"https:\/\/centar.ffzg.unizg.hr\/wp-content\/uploads\/2014\/03\/line1tan.jpg\" alt=\"line1tan\" width=\"981\" height=\"3\" srcset=\"https:\/\/centar.ffzg.unizg.hr\/wp-content\/uploads\/2014\/03\/line1tan.jpg 981w, https:\/\/centar.ffzg.unizg.hr\/wp-content\/uploads\/2014\/03\/line1tan-300x1.jpg 300w, https:\/\/centar.ffzg.unizg.hr\/wp-content\/uploads\/2014\/03\/line1tan-624x1.jpg 624w\" sizes=\"auto, (max-width: 981px) 100vw, 981px\" \/><\/p>\n<p><span style=\"font-size: 10.5pt; font-family: 'Open Sans',sans-serif; color: #444444;\">\n<table id=\"tablepress-97\" class=\"tablepress tablepress-id-97\">\n<thead>\n<tr class=\"row-1\">\n\t<td class=\"column-1\"><\/td><th class=\"column-2\">Konzultacije: <strong> prema dogovoru (najava e-po\u0161tom)<\/strong><br \/>\nKabinet: <strong>B - 326<\/strong><br \/>\nTelefon: <strong>+385 1 4092 073<\/strong><br \/>\nE-mail: <a href=\"mailto:jciric@m.ffzg.hr\">jciric@m.ffzg.hr<\/a><\/th>\n<\/tr>\n<\/thead>\n<tbody class=\"row-striping row-hover\">\n<\/tbody>\n<\/table>\n<\/span><img loading=\"lazy\" decoding=\"async\" class=\"alignnone wp-image-1150 size-full\" src=\"https:\/\/centar.ffzg.unizg.hr\/wp-content\/uploads\/2014\/03\/line1tan.jpg\" alt=\"line1tan\" width=\"981\" height=\"3\" srcset=\"https:\/\/centar.ffzg.unizg.hr\/wp-content\/uploads\/2014\/03\/line1tan.jpg 981w, https:\/\/centar.ffzg.unizg.hr\/wp-content\/uploads\/2014\/03\/line1tan-300x1.jpg 300w, https:\/\/centar.ffzg.unizg.hr\/wp-content\/uploads\/2014\/03\/line1tan-624x1.jpg 624w\" sizes=\"auto, (max-width: 981px) 100vw, 981px\" \/><\/p>\n\n<table id=\"tablepress-94\" class=\"tablepress tablepress-id-94\">\n<thead>\n<tr class=\"row-1\">\n\t<td class=\"column-1\"><\/td><td class=\"column-2\"><\/td>\n<\/tr>\n<\/thead>\n<tbody class=\"row-striping row-hover\">\n<tr class=\"row-2\">\n\t<td class=\"column-1\"><strong>Kolegiji:<\/strong><\/td><td class=\"column-2\"><strong>Preddiplomski studij<\/strong><br \/>\nFrancuski jezik 1 \u2013 razina A1<br \/>\nFrancuski jezik 2 \u2013 razina A1<br \/>\nFrancuski jezik 1 \u2013 razina A2<br \/>\nFrancuski jezik 2 \u2013 razina A2<br \/>\nFrancuski jezik za akademske potrebe 1 \u2013 razina B1<br \/>\nFrancuski jezik za akademske potrebe 2 \u2013 razina B1<br \/>\n<br \/>\n<strong>Diplomski studij<\/strong><br \/>\nFrancuski jezik za akademske potrebe 1<br \/>\nFrancuski jezik za akademske potrebe 2<br \/>\nFrancuski jezik za akademske potrebe 3<br \/>\nFrancuski jezik za akademske potrebe 4<\/td>\n<\/tr>\n<tr class=\"row-3\">\n\t<td class=\"column-1\"><strong>Biografija:<\/strong><\/td><td class=\"column-2\"><strong>2022.<\/strong> vi\u0161a predava\u010dica francuskog jezika u Centru za strane jezike Filozofskog fakulteta u Zagrebu<br \/>\n<br \/>\n<strong>2016. - 2022.<\/strong> predava\u010dica francuskog jezika u Centru za strane jezike Filozofskog fakulteta u Zagrebu<br \/>\n<br \/>\n<strong>1997. - 2016.<\/strong> stru\u010dna suradnica za francuski jezik u Centru za strane jezike Filozofskog fakulteta u Zagrebu<br \/>\n<br \/>\n<strong>1990.<\/strong> nastavnica talijanskog jezika u \u0161koli stranih jezika, Vodnikova<br \/>\n<br \/>\n<strong>1988.- 1990.<\/strong> nastavnica francuskog jezika u \u0161koli stranih jezika, Suvag<br \/>\n<br \/>\n<strong>1988.<\/strong> diploma iz francuskog i talijanskog jezika iz  knji\u017eevnosti, Filozofski fakultet, Zagreb<\/td>\n<\/tr>\n<tr class=\"row-4\">\n\t<td class=\"column-1\"><strong>Stru\u010dna usavr\u0161avanja:<\/strong><\/td><td class=\"column-2\"><strong>2024.<\/strong> Online radionica u organizaciji Francuskog instituta u Hrvatskoj u suradnji s Hrvatskom udrugom profesora francuskoj jezika \"Liberer l'imagination et le potentiel creatif en classe de FLE\"<br \/>\n<br \/>\n<strong>2022.<\/strong> Me\u0111unarodni okrugli stol \"Nastava stranih jezika na Sveu\u010dili\u0161tu u Zagrebu i sveu\u010dili\u0161tima Crne Gore\", Zagreb<br \/>\n<br \/>\n<strong>2021.<\/strong> Me\u0111unarodni znanstveni skup \"Strani jezici struke: trendovi i perspektive\", Budva, Crna Gora<br \/>\n<br \/>\n<strong>2021.<\/strong> Stru\u010dni online seminar u organizaciji Francuskog veleposlanstva i Francuskog instituta \"Nos idee pour le francais en Croatie <br \/>\na l\u00b4Universite\"<br \/>\n<br \/>\n<strong>2018.<\/strong> 10. me\u0111unarodna jezi\u010dna konferencija \"The Importance of Learning Professional Foreign Languages fo Communication between Cultures\", Celje, Slovenija<br \/>\n<br \/>\n<strong>2018.<\/strong> Radionica u organizaciji Francuskog veleposlanstva \"La chanson est la classe\", Zagreb<br \/>\n<br \/>\n<strong>2017.<\/strong> Seminar u organizaciji Francuskog ministarstva znanosti i obrazovanja \"Une formation d\u00b4habilitation comme examinateurs-correcteurs du DELF et DALF\", Zagreb<br \/>\n<\/td>\n<\/tr>\n<tr class=\"row-5\">\n\t<td class=\"column-1\"><strong>\u010clanstva:<\/strong><\/td><td class=\"column-2\"><\/td>\n<\/tr>\n<tr class=\"row-6\">\n\t<td class=\"column-1\"><strong>Objavljeni stru\u010dni radovi<\/strong><\/td><td class=\"column-2\"><strong>2023.<\/strong> Matijevi\u0107, Ana; \u0106iri\u0107, Jasna.  Nastava stranih jezika na Sveu\u010dili\u0161tu u Zagrebu. Nastava stranih jezika struke na Sveu\u010dili\u0161tu u Zagrebu i sveu\u010dili\u0161tima Crne Gore: zbornik radova s okruglog stola. FF press, Zagreb. Hrvatska<br \/>\n<br \/>\n<strong>2022.<\/strong> \u0106iri\u0107, Jasna; Matijevi\u0107, Ana.  Upotreba kolokacija u nastavi francuskog i \u0161panjolskog jezika. Logos et littera: Interdisciplinary Approaches To Text. Filolo\u0161ki fakultet Univerziteta Crne Gore, Nik\u0161i\u0107, Crna Gora<br \/>\n<br \/>\n<strong>2021.<\/strong> Barbari\u0107, Petra; \u0106iri\u0107, Jasna. Upotreba kolokacija u nastavi francuskog i engleskog jezika, Language for Specific Purposes: Trends and Perspectives, International Conference, Book of Abstracts, str. 9 - 10.<br \/>\n<br \/>\n<strong>2018.<\/strong> \u0106iri\u0107, Jasna; Gvajec,Sandra;<br \/>\nUtilisation des medias en classe de langue etrangere<br \/>\n[Naziv skupa : Proceedings of the 10th International Conference on the<br \/>\nImportance of Learning Professional Foreign Languages for Communication between<br \/>\nCultures, Celje, Slovenija<br \/>\n<br \/>\n<strong>2013.<\/strong> Jelov\u010di\u0107, Ines; \u0106iri\u0107, Jasna;<br \/>\nAcademic listening in language for Academic purposes \/ Proceedings of the Sixth International Conference on the Importance of Learning Professional Foreign Languages for Communication between Cultures, Celje, Slovenia, 19 and 20 September 2013 [Naziv skupa: Sixth International Conference on the Importance of Learning Professional Foreign Languages for Communication between Cultures, Celje, Slovenia, 19 and 20 September<br \/>\n<br \/>\n<strong>2010.<\/strong> \u0106iri\u0107, Jasna;<br \/>\nL'emploi du texte litteraire en classe de francais langue etrangere \/<br \/>\n[Naziv skupa: Proceedings of the 3rd International Conference on the Importance of Learning Professional Foreign Languages for Communication between Cultures, Celje, Slovenia<\/td>\n<\/tr>\n<tr class=\"row-7\">\n\t<td class=\"column-1\"><strong>Izlaganja na znanstvenim i stru\u010dnim skupovima:<\/strong><\/td><td class=\"column-2\"><strong>2022.<\/strong> Nastava stranih jezika struke na Sveu\u010dili\u0161tu u Zagrebu. Okrugli stol u okviru Erasmus + projekta ReFLAME \u201eNastava stranih jezika struke na Sveu\u010dili\u0161tu u Zagrebu i sveu\u010dili\u0161tima Crne Gore\u201c, Zagreb, Hrvatska<br \/>\n<br \/>\n<strong>2021.<\/strong> Barbari\u0107, Petra; \u0106iri\u0107, Jasna. Upotreba kolokacija u nastavi francuskog i engleskog jezika, Language for Specific Purposes: Trends and Perspectives, International Conference, Book of Abstracts, str. 9 - 10.<br \/>\n<br \/>\n<strong>2018.<\/strong> \u0106iri\u0107, Jasna; Gvajec,Sandra;<br \/>\nUtilisation des medias en classe de langue etrangere<br \/>\n[Naziv skupa : Proceedings of the 10th International Conference on the<br \/>\nImportance of Learning Professional Foreign Languages for Communication between<br \/>\nCultures, Celje,Slovenija]<br \/>\n<br \/>\n<strong>2017.<\/strong> Barbari\u0107, Petra; \u0106iri\u0107, Jasna; \u0160njari\u0107, Mirjana;<br \/>\nOmega u akademskom pou\u010davanju stranog jezika<br \/>\n[Naziv skupa : Povezani znanjem (...25 godina), Dubrovnik]<br \/>\n<br \/>\n<strong>2013.<\/strong> Jelov\u010di\u0107, Ines; \u0106iri\u0107, Jasna;<br \/>\nAcademic listening in language for Academic purposes \/ Proceedings of the Sixth International Conference on the Importance of Learning Professional Foreign Languages for Communication between Cultures, Celje, Slovenia, 19 and 20 September 2013 [Naziv skupa: Sixth International Conference on the Importance of Learning Professional Foreign Languages for Communication between Cultures, Celje, Slovenia, 19 and 20 September]<br \/>\n<br \/>\n<strong>2010.<\/strong> \u0106iri\u0107, Jasna;<br \/>\nL'emploi du texte litteraire en classe de francais langue etrangere \/<br \/>\n[Naziv skupa: Proceedings of the 3rd International Conference on the Importance of Learning Professional Foreign Languages for Communication between Cultures, Celje, Slovenia]<\/td>\n<\/tr>\n<tr class=\"row-8\">\n\t<td class=\"column-1\"><strong>Projekti<\/strong><\/td><td class=\"column-2\">Reforming Foreign Languages in Academia in Montenegro (Re-FLAME) \u2013 CBHE 609778<\/td>\n<\/tr>\n<tr class=\"row-9\">\n\t<td class=\"column-1\"><strong>Izbor iz bibliografije:<\/strong><\/td><td class=\"column-2\"><a href=\"http:\/\/koha.ffzg.hr\/bibliografija\/694.html\">Bibliografija<\/a><\/td>\n<\/tr>\n<\/tbody>\n<tfoot>\n<tr class=\"row-10\">\n\t<td class=\"column-1\"><\/td><td class=\"column-2\"><\/td>\n<\/tr>\n<\/tfoot>\n<\/table>\n\n","protected":false},"excerpt":{"rendered":"","protected":false},"author":1,"featured_media":0,"parent":0,"menu_order":0,"comment_status":"closed","ping_status":"closed","template":"page-templates\/full-width.php","meta":{"footnotes":""},"class_list":["post-830","page","type-page","status-publish","hentry"],"_links":{"self":[{"href":"https:\/\/centar.ffzg.unizg.hr\/index.php?rest_route=\/wp\/v2\/pages\/830","targetHints":{"allow":["GET"]}}],"collection":[{"href":"https:\/\/centar.ffzg.unizg.hr\/index.php?rest_route=\/wp\/v2\/pages"}],"about":[{"href":"https:\/\/centar.ffzg.unizg.hr\/index.php?rest_route=\/wp\/v2\/types\/page"}],"author":[{"embeddable":true,"href":"https:\/\/centar.ffzg.unizg.hr\/index.php?rest_route=\/wp\/v2\/users\/1"}],"replies":[{"embeddable":true,"href":"https:\/\/centar.ffzg.unizg.hr\/index.php?rest_route=%2Fwp%2Fv2%2Fcomments&post=830"}],"version-history":[{"count":59,"href":"https:\/\/centar.ffzg.unizg.hr\/index.php?rest_route=\/wp\/v2\/pages\/830\/revisions"}],"predecessor-version":[{"id":8334,"href":"https:\/\/centar.ffzg.unizg.hr\/index.php?rest_route=\/wp\/v2\/pages\/830\/revisions\/8334"}],"wp:attachment":[{"href":"https:\/\/centar.ffzg.unizg.hr\/index.php?rest_route=%2Fwp%2Fv2%2Fmedia&parent=830"}],"curies":[{"name":"wp","href":"https:\/\/api.w.org\/{rel}","templated":true}]}}